{"id":8,"date":"2024-08-29T08:58:52","date_gmt":"2024-08-29T05:58:52","guid":{"rendered":"https:\/\/filmiosterbotten.fi\/?page_id=8"},"modified":"2024-10-13T23:14:15","modified_gmt":"2024-10-13T20:14:15","slug":"startsida","status":"publish","type":"page","link":"https:\/\/filmiosterbotten.fi\/sv\/","title":{"rendered":"Hem"},"content":{"rendered":"\n<div class=\"wp-block-group alignwide is-content-justification-center is-layout-flex wp-container-core-group-is-layout-b02886af wp-block-group-is-layout-flex\">\n<h2 class=\"wp-block-heading has-text-align-center\">Vad g\u00f6r Film i \u00d6sterbotten?<\/h2>\n\n\n\n<div class=\"wp-block-group is-content-justification-center is-nowrap is-layout-flex wp-container-core-group-is-layout-23441af8 wp-block-group-is-layout-flex\">\n<blockquote class=\"wp-block-quote has-text-align-center has-base-2-background-color has-background is-layout-flow wp-block-quote-is-layout-flow\">\n<p class=\"has-text-align-center\">Film i \u00d6sterbotten r.f. \u00e4r en f\u00f6rening grundad f\u00f6r att bevaka de \u00f6sterbottniska filmarbetarnas intressen. <\/p>\n\n\n\n<p class=\"has-text-align-center\">F\u00f6reningen vill se till att filmskapandet lever vidare i \u00d6sterbotten och Svenskfinland.<\/p>\n<\/blockquote>\n<\/div>\n<\/div>\n\n\n\n<div class=\"wp-block-group alignfull has-global-padding is-layout-constrained wp-container-core-group-is-layout-d89aad35 wp-block-group-is-layout-constrained\" style=\"margin-top:0;margin-bottom:0;padding-top:var(--wp--preset--spacing--50);padding-right:var(--wp--preset--spacing--50);padding-bottom:var(--wp--preset--spacing--50);padding-left:var(--wp--preset--spacing--50)\">\n<div class=\"wp-block-group alignwide has-global-padding is-layout-constrained wp-container-core-group-is-layout-19e250f3 wp-block-group-is-layout-constrained\">\n<div class=\"wp-block-group is-vertical is-content-justification-center is-layout-flex wp-container-core-group-is-layout-6329a8f3 wp-block-group-is-layout-flex\">\n<h2 class=\"wp-block-heading has-text-align-center is-style-default\">V\u00e5ra projekt <\/h2>\n<\/div>\n\n\n\n<div style=\"height:var(--wp--preset--spacing--40)\" aria-hidden=\"true\" class=\"wp-block-spacer\"><\/div>\n\n\n\n<div class=\"wp-block-columns alignwide is-layout-flex wp-container-core-columns-is-layout-d1c656ed wp-block-columns-is-layout-flex\">\n<div class=\"wp-block-column is-vertically-aligned-center is-layout-flow wp-block-column-is-layout-flow\" style=\"flex-basis:40%\">\n<h3 class=\"wp-block-heading is-style-default\"><strong>Filmpool \u00d6sterbotten<\/strong><\/h3>\n\n\n\n<ul style=\"line-height:1.75\" class=\"wp-block-list is-style-checkmark-list\">\n<li>F\u00f6reningen fungerar som samarbetspart i projektet Filmpool Ostrobothnia. <\/li>\n\n\n\n<li>F\u00f6reningen bist\u00e5r med n\u00e4tverk och kontakter till branschfolk. <\/li>\n\n\n\n<li>F\u00f6reningen ger \u00e4ven f\u00f6rslag p\u00e5 projektverksamheter och \u00f6nskemal om innehall i projektet.<br><br>L\u00e4s mer om <a href=\"https:\/\/filmiosterbotten.fi\/?page_id=233\" data-type=\"page\" data-id=\"233\">Filmpool \u00d6sterbotten<\/a><\/li>\n<\/ul>\n<\/div>\n\n\n\n<div class=\"wp-block-column is-layout-flow wp-block-column-is-layout-flow\" style=\"flex-basis:50%\">\n<figure class=\"wp-block-image size-full is-style-rounded is-style-rounded--1\"><img loading=\"lazy\" decoding=\"async\" width=\"1280\" height=\"853\" src=\"https:\/\/filmiosterbotten.fi\/wp-content\/uploads\/2024\/09\/20240217-N48A3207-Enhanced-NR-Axel-Ahman-October-Film-Fest-2024-Tomas-Lindh-VL-Large.jpeg\" alt=\"\" class=\"wp-image-62\" srcset=\"https:\/\/filmiosterbotten.fi\/wp-content\/uploads\/2024\/09\/20240217-N48A3207-Enhanced-NR-Axel-Ahman-October-Film-Fest-2024-Tomas-Lindh-VL-Large.jpeg 1280w, https:\/\/filmiosterbotten.fi\/wp-content\/uploads\/2024\/09\/20240217-N48A3207-Enhanced-NR-Axel-Ahman-October-Film-Fest-2024-Tomas-Lindh-VL-Large-600x400.jpeg 600w, https:\/\/filmiosterbotten.fi\/wp-content\/uploads\/2024\/09\/20240217-N48A3207-Enhanced-NR-Axel-Ahman-October-Film-Fest-2024-Tomas-Lindh-VL-Large-768x512.jpeg 768w\" sizes=\"auto, (max-width: 1280px) 100vw, 1280px\" \/><\/figure>\n<\/div>\n<\/div>\n\n\n\n<div style=\"height:64px\" aria-hidden=\"true\" class=\"wp-block-spacer\"><\/div>\n\n\n\n<div class=\"wp-block-columns alignwide is-layout-flex wp-container-core-columns-is-layout-d1c656ed wp-block-columns-is-layout-flex\">\n<div class=\"wp-block-column is-layout-flow wp-block-column-is-layout-flow\" style=\"flex-basis:50%\">\n<figure class=\"wp-block-image size-full is-style-rounded is-style-rounded--2\"><img loading=\"lazy\" decoding=\"async\" width=\"1280\" height=\"853\" src=\"https:\/\/filmiosterbotten.fi\/wp-content\/uploads\/2024\/09\/20240216-N48A3076-Enhanced-NR-October-Film-Fest-2024-VL-Large.jpeg\" alt=\"\" class=\"wp-image-66\" srcset=\"https:\/\/filmiosterbotten.fi\/wp-content\/uploads\/2024\/09\/20240216-N48A3076-Enhanced-NR-October-Film-Fest-2024-VL-Large.jpeg 1280w, https:\/\/filmiosterbotten.fi\/wp-content\/uploads\/2024\/09\/20240216-N48A3076-Enhanced-NR-October-Film-Fest-2024-VL-Large-600x400.jpeg 600w, https:\/\/filmiosterbotten.fi\/wp-content\/uploads\/2024\/09\/20240216-N48A3076-Enhanced-NR-October-Film-Fest-2024-VL-Large-768x512.jpeg 768w\" sizes=\"auto, (max-width: 1280px) 100vw, 1280px\" \/><\/figure>\n<\/div>\n\n\n\n<div class=\"wp-block-column is-vertically-aligned-center is-layout-flow wp-block-column-is-layout-flow\" style=\"flex-basis:40%\">\n<h3 class=\"wp-block-heading is-style-default\"><strong>Kvarken Film Network<\/strong><\/h3>\n\n\n\n<ul style=\"line-height:1.75\" class=\"wp-block-list is-style-checkmark-list\">\n<li>F\u00f6reningen bist\u00e5r med n\u00e4tverk och kontakter till branschfolk i projektet Kvarken Film Network.<\/li>\n<\/ul>\n<\/div>\n<\/div>\n<\/div>\n\n\n\n<div style=\"height:64px\" aria-hidden=\"true\" class=\"wp-block-spacer\"><\/div>\n\n\n\n<div class=\"wp-block-columns alignwide is-layout-flex wp-container-core-columns-is-layout-d1c656ed wp-block-columns-is-layout-flex\">\n<div class=\"wp-block-column is-vertically-aligned-center is-layout-flow wp-block-column-is-layout-flow\" style=\"flex-basis:40%\">\n<h3 class=\"wp-block-heading is-style-default\"><strong>\u00c5rets Film<\/strong><\/h3>\n\n\n\n<ul style=\"line-height:1.75\" class=\"wp-block-list is-style-checkmark-list\">\n<li>M\u00e5ng\u00e5rigt projekt f\u00f6r att producera en kortfilm och hj\u00e4lpa filmmakare utvecklas och skapa kontakter<\/li>\n\n\n\n<li>Senaste upplagan av projektet blir 2024-2025<\/li>\n\n\n\n<li>Inspelningen planeras till 2025<\/li>\n\n\n\n<li>Premi\u00e4r p\u00e5 Ostrobothnia Film Fest i februari 2026. <br><br>L\u00e4s mer om <a href=\"https:\/\/filmiosterbotten.fi\/?page_id=235\" data-type=\"page\" data-id=\"235\">\u00c5rets Film<\/a><\/li>\n<\/ul>\n<\/div>\n\n\n\n<div class=\"wp-block-column is-layout-flow wp-block-column-is-layout-flow\" style=\"flex-basis:50%\">\n<figure class=\"wp-block-image size-large is-style-rounded is-style-rounded--3\"><img loading=\"lazy\" decoding=\"async\" width=\"1280\" height=\"854\" src=\"https:\/\/filmiosterbotten.fi\/wp-content\/uploads\/2024\/08\/Aretsfilm2020-20200721-P1160922-VL-1280x854.jpg\" alt=\"\" class=\"wp-image-34\" srcset=\"https:\/\/filmiosterbotten.fi\/wp-content\/uploads\/2024\/08\/Aretsfilm2020-20200721-P1160922-VL-1280x854.jpg 1280w, https:\/\/filmiosterbotten.fi\/wp-content\/uploads\/2024\/08\/Aretsfilm2020-20200721-P1160922-VL-600x400.jpg 600w, https:\/\/filmiosterbotten.fi\/wp-content\/uploads\/2024\/08\/Aretsfilm2020-20200721-P1160922-VL-768x512.jpg 768w, https:\/\/filmiosterbotten.fi\/wp-content\/uploads\/2024\/08\/Aretsfilm2020-20200721-P1160922-VL-1536x1025.jpg 1536w, https:\/\/filmiosterbotten.fi\/wp-content\/uploads\/2024\/08\/Aretsfilm2020-20200721-P1160922-VL-2048x1367.jpg 2048w\" sizes=\"auto, (max-width: 1280px) 100vw, 1280px\" \/><\/figure>\n<\/div>\n<\/div>\n\n\n\n<p><\/p>\n<\/div>\n\n\n\n<div class=\"wp-block-cover alignfull\" style=\"padding-top:0;padding-bottom:0;min-height:300px;aspect-ratio:unset;\"><span aria-hidden=\"true\" class=\"wp-block-cover__background has-background-dim-100 has-background-dim\" style=\"background-color:#000000\"><\/span><div class=\"wp-block-cover__inner-container is-layout-flow wp-block-cover-is-layout-flow\">\n<div class=\"wp-block-group alignfull has-global-padding is-layout-constrained wp-block-group-is-layout-constrained\" style=\"padding-top:var(--wp--preset--spacing--10);padding-bottom:var(--wp--preset--spacing--10)\">\n<figure class=\"wp-block-embed alignwide is-type-video is-provider-vimeo wp-block-embed-vimeo wp-embed-aspect-16-9 wp-has-aspect-ratio\"><div class=\"wp-block-embed__wrapper\">\n<iframe loading=\"lazy\" title=\"IVANKALLAN - \u00c5rets Film - October Filmfest 2016\" src=\"https:\/\/player.vimeo.com\/video\/204131260?dnt=1&amp;app_id=122963\" width=\"500\" height=\"281\" frameborder=\"0\" allow=\"autoplay; fullscreen; picture-in-picture; clipboard-write\"><\/iframe>\n<\/div><\/figure>\n<\/div>\n<\/div><\/div>\n\n\n\n<div class=\"wp-block-cover alignfull\" style=\"margin-top:0;margin-bottom:0;padding-top:0;padding-bottom:0;min-height:510px;aspect-ratio:unset;\"><span aria-hidden=\"true\" class=\"wp-block-cover__background has-accent-3-background-color has-background-dim-100 has-background-dim\"><\/span><div class=\"wp-block-cover__inner-container has-global-padding is-layout-constrained wp-block-cover-is-layout-constrained\">\n<div style=\"height:50px\" aria-hidden=\"true\" class=\"wp-block-spacer\"><\/div>\n\n\n\n<h2 class=\"wp-block-heading has-text-align-center\">Nyheter<\/h2>\n\n\n\n<div class=\"wp-block-query has-global-padding is-layout-constrained wp-block-query-is-layout-constrained\">\n<div class=\"wp-block-group is-layout-flow wp-block-group-is-layout-flow\" style=\"margin-top:0;margin-bottom:0;padding-top:var(--wp--preset--spacing--50);padding-right:0;padding-bottom:var(--wp--preset--spacing--50);padding-left:0\">\n<div class=\"wp-block-group is-nowrap is-layout-flex wp-container-core-group-is-layout-6c531013 wp-block-group-is-layout-flex\">\n<div class=\"wp-block-group alignwide has-global-padding is-layout-constrained wp-block-group-is-layout-constrained\">\n<div class=\"wp-block-query is-layout-flow wp-block-query-is-layout-flow\"><ul class=\"wp-block-post-template is-layout-flow wp-block-post-template-is-layout-flow\"><li class=\"wp-block-post post-208 post type-post status-publish format-standard has-post-thumbnail hentry category-nyheter\">\n\n<div class=\"wp-block-group has-global-padding is-layout-constrained wp-block-group-is-layout-constrained\">\n<div class=\"wp-block-group has-global-padding is-layout-constrained wp-block-group-is-layout-constrained\">\n<div class=\"wp-block-columns is-layout-flex wp-container-core-columns-is-layout-28f84493 wp-block-columns-is-layout-flex\" style=\"border-style:none;border-width:0px\">\n<div class=\"wp-block-column is-vertically-aligned-top is-layout-flow wp-block-column-is-layout-flow\" style=\"flex-basis:25%\"><figure style=\"aspect-ratio:1;\" class=\"wp-block-post-featured-image\"><a href=\"https:\/\/filmiosterbotten.fi\/sv\/2024\/10\/12\/horrorfest-26-10-2024-pa-ritz\/\" target=\"_self\"  ><img loading=\"lazy\" decoding=\"async\" width=\"1920\" height=\"1005\" src=\"https:\/\/filmiosterbotten.fi\/wp-content\/uploads\/2024\/10\/Ritz_HorrorFest-2024_fb-event_1920x1005.png\" class=\"attachment-post-thumbnail size-post-thumbnail wp-post-image\" alt=\"Horrorfest 26.10.2024 p\u00e5 Ritz!\" style=\"width:100%;height:100%;object-fit:cover;\" srcset=\"https:\/\/filmiosterbotten.fi\/wp-content\/uploads\/2024\/10\/Ritz_HorrorFest-2024_fb-event_1920x1005.png 1920w, https:\/\/filmiosterbotten.fi\/wp-content\/uploads\/2024\/10\/Ritz_HorrorFest-2024_fb-event_1920x1005-600x314.png 600w, https:\/\/filmiosterbotten.fi\/wp-content\/uploads\/2024\/10\/Ritz_HorrorFest-2024_fb-event_1920x1005-1280x670.png 1280w, https:\/\/filmiosterbotten.fi\/wp-content\/uploads\/2024\/10\/Ritz_HorrorFest-2024_fb-event_1920x1005-768x402.png 768w, https:\/\/filmiosterbotten.fi\/wp-content\/uploads\/2024\/10\/Ritz_HorrorFest-2024_fb-event_1920x1005-1536x804.png 1536w\" sizes=\"auto, (max-width: 1920px) 100vw, 1920px\" \/><\/a><\/figure><\/div>\n\n\n\n<div class=\"wp-block-column is-vertically-aligned-top is-layout-flow wp-block-column-is-layout-flow\" style=\"flex-basis:75%\"><h3 class=\"wp-block-post-title\"><a href=\"https:\/\/filmiosterbotten.fi\/sv\/2024\/10\/12\/horrorfest-26-10-2024-pa-ritz\/\" target=\"_self\" >Horrorfest 26.10.2024 p\u00e5 Ritz!<\/a><\/h3>\n\n<div class=\"wp-block-post-date\"><time datetime=\"2024-10-12T17:02:13+03:00\">12.10.2024<\/time><\/div>\n\n<div class=\"wp-block-post-excerpt\"><p class=\"wp-block-post-excerpt__excerpt\">Film i \u00d6sterbotten \u00e4r med och ordnar Horrorfest p\u00e5 Ritz! I \u00e5r \u00e4r vi glada att f\u00e5 presentera&hellip;<\/p><p class=\"wp-block-post-excerpt__more-text\"><a class=\"wp-block-post-excerpt__more-link\" href=\"https:\/\/filmiosterbotten.fi\/sv\/2024\/10\/12\/horrorfest-26-10-2024-pa-ritz\/\">L\u00e4s mer\u2026<\/a><\/p><\/div><\/div>\n<\/div>\n<\/div>\n<\/div>\n\n<\/li><\/ul><\/div>\n<\/div>\n<\/div>\n<\/div>\n<\/div>\n<\/div><\/div>\n\n\n\n<div class=\"wp-block-group has-global-padding is-layout-constrained wp-block-group-is-layout-constrained\">\n<div class=\"wp-block-group has-global-padding is-layout-constrained wp-block-group-is-layout-constrained\">\n<div style=\"height:50px\" aria-hidden=\"true\" class=\"wp-block-spacer\"><\/div>\n\n\n\n<div class=\"wp-block-group has-global-padding is-layout-constrained wp-block-group-is-layout-constrained\">\n<h2 class=\"wp-block-heading has-text-align-center\">Bli medlem i f\u00f6reningen!<\/h2>\n\n\n\n<p class=\"has-text-align-center\">Vill du vara med och utveckla den kreativa branchen i \u00d6sterbotten?<\/p>\n\n\n\n<div class=\"wp-block-buttons is-content-justification-center is-layout-flex wp-container-core-buttons-is-layout-a89b3969 wp-block-buttons-is-layout-flex\">\n<div class=\"wp-block-button\"><a class=\"wp-block-button__link has-text-align-center wp-element-button\" href=\"https:\/\/filmiosterbotten.fi\/kontakt\/\">Kontakta oss!<\/a><\/div>\n<\/div>\n<\/div>\n<\/div>\n<\/div>\n\n\n\n<p><\/p>\n","protected":false},"excerpt":{"rendered":"<p>Vad g\u00f6r Film i \u00d6sterbotten? Film i \u00d6sterbotten r.f. \u00e4r en f\u00f6rening grundad f\u00f6r att bevaka de \u00f6sterbottniska filmarbetarnas intressen. F\u00f6reningen vill se till att filmskapandet lever vidare i \u00d6sterbotten och Svenskfinland. V\u00e5ra projekt Filmpool \u00d6sterbotten Kvarken Film Network \u00c5rets Film Bli medlem i f\u00f6reningen! Vill du vara med och utveckla den kreativa branchen i [&hellip;]<\/p>\n","protected":false},"author":1,"featured_media":31,"parent":0,"menu_order":0,"comment_status":"closed","ping_status":"closed","template":"page-no-title","meta":{"footnotes":"[]"},"class_list":["post-8","page","type-page","status-publish","has-post-thumbnail","hentry"],"_links":{"self":[{"href":"https:\/\/filmiosterbotten.fi\/sv\/wp-json\/wp\/v2\/pages\/8","targetHints":{"allow":["GET"]}}],"collection":[{"href":"https:\/\/filmiosterbotten.fi\/sv\/wp-json\/wp\/v2\/pages"}],"about":[{"href":"https:\/\/filmiosterbotten.fi\/sv\/wp-json\/wp\/v2\/types\/page"}],"author":[{"embeddable":true,"href":"https:\/\/filmiosterbotten.fi\/sv\/wp-json\/wp\/v2\/users\/1"}],"replies":[{"embeddable":true,"href":"https:\/\/filmiosterbotten.fi\/sv\/wp-json\/wp\/v2\/comments?post=8"}],"version-history":[{"count":21,"href":"https:\/\/filmiosterbotten.fi\/sv\/wp-json\/wp\/v2\/pages\/8\/revisions"}],"predecessor-version":[{"id":278,"href":"https:\/\/filmiosterbotten.fi\/sv\/wp-json\/wp\/v2\/pages\/8\/revisions\/278"}],"wp:featuredmedia":[{"embeddable":true,"href":"https:\/\/filmiosterbotten.fi\/sv\/wp-json\/wp\/v2\/media\/31"}],"wp:attachment":[{"href":"https:\/\/filmiosterbotten.fi\/sv\/wp-json\/wp\/v2\/media?parent=8"}],"curies":[{"name":"wp","href":"https:\/\/api.w.org\/{rel}","templated":true}]}}